{"id":170,"date":"2018-10-04T04:05:20","date_gmt":"2018-10-04T04:05:20","guid":{"rendered":"http:\/\/themes.themegoods.com\/musico\/demo\/?page_id=170"},"modified":"2020-07-27T12:08:26","modified_gmt":"2020-07-27T12:08:26","slug":"activitati","status":"publish","type":"page","link":"https:\/\/www.nataliapancec.ro\/index.php\/activitati\/","title":{"rendered":"Activitati"},"content":{"rendered":"\t\t<div data-elementor-type=\"wp-post\" data-elementor-id=\"170\" class=\"elementor elementor-170\" data-elementor-settings=\"[]\">\n\t\t\t\t\t\t<div class=\"elementor-inner\">\n\t\t\t\t\t\t\t<div class=\"elementor-section-wrap\">\n\t\t\t\t\t\t\t<section class=\"elementor-section elementor-top-section elementor-element elementor-element-111f29a8 headline transparent elementor-section-stretched elementor-section-boxed elementor-section-height-default elementor-section-height-default\" data-id=\"111f29a8\" data-element_type=\"section\" data-settings=\"{&quot;stretch_section&quot;:&quot;section-stretched&quot;,&quot;background_background&quot;:&quot;video&quot;,&quot;shape_divider_bottom&quot;:&quot;tilt&quot;,&quot;background_video_link&quot;:&quot;https:\\\/\\\/www.youtube.com\\\/watch?v=GS10N6jloVY&quot;}\">\n\t\t\t\t\t\t\t\t<div class=\"elementor-background-video-container elementor-hidden-phone\">\n\t\t\t\t\t\t\t\t\t\t\t\t\t<div class=\"elementor-background-video-embed\"><\/div>\n\t\t\t\t\t\t\t\t\t\t\t\t<\/div>\n\t\t\t\t\t\t\t\t\t<div class=\"elementor-background-overlay\"><\/div>\n\t\t\t\t\t\t<div class=\"elementor-shape elementor-shape-bottom\" data-negative=\"false\">\n\t\t\t<svg xmlns=\"http:\/\/www.w3.org\/2000\/svg\" viewBox=\"0 0 1000 100\" preserveAspectRatio=\"none\">\n\t<path class=\"elementor-shape-fill\" d=\"M0,6V0h1000v100L0,6z\"\/>\n<\/svg>\t\t<\/div>\n\t\t\t\t\t<div class=\"elementor-container elementor-column-gap-default\">\n\t\t\t\t\t\t\t<div class=\"elementor-row\">\n\t\t\t\t\t<div class=\"elementor-column elementor-col-100 elementor-top-column elementor-element elementor-element-5f31071d\" data-id=\"5f31071d\" data-element_type=\"column\">\n\t\t\t<div class=\"elementor-column-wrap elementor-element-populated\">\n\t\t\t\t\t\t\t<div class=\"elementor-widget-wrap\">\n\t\t\t\t\t\t<div class=\"elementor-element elementor-element-676c846f animated-fast elementor-invisible elementor-widget elementor-widget-heading\" data-id=\"676c846f\" data-element_type=\"widget\" data-settings=\"{&quot;_animation&quot;:&quot;fadeInUp&quot;,&quot;_animation_delay&quot;:200}\" data-widget_type=\"heading.default\">\n\t\t\t\t<div class=\"elementor-widget-container\">\n\t\t\t<h1 class=\"elementor-heading-title elementor-size-default\">Activit\u0103\u021bi<\/h1>\t\t<\/div>\n\t\t\t\t<\/div>\n\t\t\t\t\t\t<\/div>\n\t\t\t\t\t<\/div>\n\t\t<\/div>\n\t\t\t\t\t\t\t\t<\/div>\n\t\t\t\t\t<\/div>\n\t\t<\/section>\n\t\t\t\t<section class=\"elementor-section elementor-top-section elementor-element elementor-element-5c705ec3 elementor-section-full_width animated-fast elementor-section-height-default elementor-section-height-default elementor-invisible\" data-id=\"5c705ec3\" data-element_type=\"section\" data-settings=\"{&quot;animation&quot;:&quot;fadeIn&quot;,&quot;animation_delay&quot;:250}\">\n\t\t\t\t\t\t<div class=\"elementor-container elementor-column-gap-default\">\n\t\t\t\t\t\t\t<div class=\"elementor-row\">\n\t\t\t\t\t<div class=\"elementor-column elementor-col-100 elementor-top-column elementor-element elementor-element-6e703949\" data-id=\"6e703949\" data-element_type=\"column\">\n\t\t\t<div class=\"elementor-column-wrap elementor-element-populated\">\n\t\t\t\t\t\t\t<div class=\"elementor-widget-wrap\">\n\t\t\t\t\t\t<div class=\"elementor-element elementor-element-2b497afd elementor-widget elementor-widget-photographer-blog-posts\" data-id=\"2b497afd\" data-element_type=\"widget\" data-widget_type=\"photographer-blog-posts.default\">\n\t\t\t\t<div class=\"elementor-widget-container\">\n\t\t\t<div class=\"blog_post_content_wrapper layout_grid\">\n<!-- Begin each blog post -->\n<div class=\"blog-posts-grid post-4259 post type-post status-publish format-standard has-post-thumbnail hentry category-evenimente\">\n\n\t<div class=\"post_wrapper\">\n\t\t\n\t\t\t\t    <div class=\"post_img static\">\n\t\t\t    \t\t\t    <div class=\"post_img_hover \">\n\t\t\t     \t\t\t\t\t     <img  src=\"https:\/\/www.nataliapancec.ro\/wp-content\/uploads\/2020\/02\/1-When-Violin-meets-Guitar-960x604.jpg\" class=\"\" alt=\"\"\/>\n\t\t\t\t     \t\t\t     \t\t\t\t     \t<a href=\"https:\/\/www.nataliapancec.ro\/index.php\/2023\/02\/23\/meta-vivaldi-when-violin-meets-guitar\/\"><\/a>\n\t\t\t    <\/div>\n\t\t    <\/div>\n\t\t\t    \n\t    <div class=\"post_content_wrapper text_\">\n\t\t    \n\t\t    <div class=\"post_header\">\n\t\t\t    \t\t\t    <div class=\"post_detail single_post\">\n\t\t\t    \t<span class=\"post_info_cat\">\n\t\t\t\t\t\t\t\t\t\t\t\t      \t<a href=\"https:\/\/www.nataliapancec.ro\/index.php\/category\/evenimente\/\">Evenimente<\/a>\n\t\t\t\t\t\t\t\t\t    \t<\/span>\n\t\t\t \t<\/div>\n\t\t\t \t\t\t\t\t<div class=\"post_header_title\">\n\t\t\t\t    <h5><a href=\"https:\/\/www.nataliapancec.ro\/index.php\/2023\/02\/23\/meta-vivaldi-when-violin-meets-guitar\/\" title=\"Meta Vivaldi &#8211; When Violin meets Guitar\u200b\">Meta Vivaldi &#8211; When Violin meets Guitar\u200b<\/a><\/h5>\n\t\t\t\t<\/div>\n\t\t\t<\/div>\n\t    \n\t\t\t<div class=\"post_header_wrapper\">\n\t\t\t\t\t\t\t    \t\t\t<\/div>\n\t    <\/div>\n\t    \n\t<\/div>\n\n<\/div>\n\n<!-- End each blog post --><!-- Begin each blog post -->\n<div class=\"blog-posts-grid post-4230 post type-post status-publish format-standard has-post-thumbnail hentry category-evenimente\">\n\n\t<div class=\"post_wrapper\">\n\t\t\n\t\t\t\t    <div class=\"post_img static\">\n\t\t\t    \t\t\t    <div class=\"post_img_hover \">\n\t\t\t     \t\t\t\t\t     <img  src=\"https:\/\/www.nataliapancec.ro\/wp-content\/uploads\/2022\/02\/WhatsApp-Image-2022-02-15-at-21.13.38-679x604.jpeg\" class=\"\" alt=\"\"\/>\n\t\t\t\t     \t\t\t     \t\t\t\t     \t<a href=\"https:\/\/www.nataliapancec.ro\/index.php\/2022\/02\/16\/concert-cameral-beethoven-perpetuum-mobile\/\"><\/a>\n\t\t\t    <\/div>\n\t\t    <\/div>\n\t\t\t    \n\t    <div class=\"post_content_wrapper text_\">\n\t\t    \n\t\t    <div class=\"post_header\">\n\t\t\t    \t\t\t    <div class=\"post_detail single_post\">\n\t\t\t    \t<span class=\"post_info_cat\">\n\t\t\t\t\t\t\t\t\t\t\t\t      \t<a href=\"https:\/\/www.nataliapancec.ro\/index.php\/category\/evenimente\/\">Evenimente<\/a>\n\t\t\t\t\t\t\t\t\t    \t<\/span>\n\t\t\t \t<\/div>\n\t\t\t \t\t\t\t\t<div class=\"post_header_title\">\n\t\t\t\t    <h5><a href=\"https:\/\/www.nataliapancec.ro\/index.php\/2022\/02\/16\/concert-cameral-beethoven-perpetuum-mobile\/\" title=\"Concert cameral Beethoven Perpetuum Mobile\">Concert cameral Beethoven Perpetuum Mobile<\/a><\/h5>\n\t\t\t\t<\/div>\n\t\t\t<\/div>\n\t    \n\t\t\t<div class=\"post_header_wrapper\">\n\t\t\t\t\t\t\t    \t\t\t<\/div>\n\t    <\/div>\n\t    \n\t<\/div>\n\n<\/div>\n\n<!-- End each blog post --><!-- Begin each blog post -->\n<div class=\"blog-posts-grid post-4200 post type-post status-publish format-standard has-post-thumbnail hentry category-concert-maestru category-evenimente\">\n\n\t<div class=\"post_wrapper\">\n\t\t\n\t\t\t\t    <div class=\"post_img static\">\n\t\t\t    \t\t\t    <div class=\"post_img_hover \">\n\t\t\t     \t\t\t\t\t     <img  src=\"https:\/\/www.nataliapancec.ro\/wp-content\/uploads\/2020\/04\/concertmaestru-natalia-Pancec-4-960x604.jpg\" class=\"\" alt=\"\"\/>\n\t\t\t\t     \t\t\t     \t\t\t\t     \t<a href=\"https:\/\/www.nataliapancec.ro\/index.php\/2021\/01\/06\/concertul-de-anul-nou-al-orchestrei-filarmonicii-george-enescu\/\"><\/a>\n\t\t\t    <\/div>\n\t\t    <\/div>\n\t\t\t    \n\t    <div class=\"post_content_wrapper text_\">\n\t\t    \n\t\t    <div class=\"post_header\">\n\t\t\t    \t\t\t    <div class=\"post_detail single_post\">\n\t\t\t    \t<span class=\"post_info_cat\">\n\t\t\t\t\t\t\t\t\t\t\t\t      \t<a href=\"https:\/\/www.nataliapancec.ro\/index.php\/category\/concert-maestru\/\">Concert Maestru<\/a>\n\t\t\t\t\t\t&nbsp;&middot;&nbsp;\t\t\t\t\t\t      \t<a href=\"https:\/\/www.nataliapancec.ro\/index.php\/category\/evenimente\/\">Evenimente<\/a>\n\t\t\t\t\t\t\t\t\t    \t<\/span>\n\t\t\t \t<\/div>\n\t\t\t \t\t\t\t\t<div class=\"post_header_title\">\n\t\t\t\t    <h5><a href=\"https:\/\/www.nataliapancec.ro\/index.php\/2021\/01\/06\/concertul-de-anul-nou-al-orchestrei-filarmonicii-george-enescu\/\" title=\"Concertul de Anul Nou al orchestrei Filarmonicii George Enescu\">Concertul de Anul Nou al orchestrei Filarmonicii George Enescu<\/a><\/h5>\n\t\t\t\t<\/div>\n\t\t\t<\/div>\n\t    \n\t\t\t<div class=\"post_header_wrapper\">\n\t\t\t\t\t\t\t    \t\t\t<\/div>\n\t    <\/div>\n\t    \n\t<\/div>\n\n<\/div>\n\n<!-- End each blog post --><!-- Begin each blog post -->\n<div class=\"blog-posts-grid post-4149 post type-post status-publish format-standard has-post-thumbnail hentry category-evenimente\">\n\n\t<div class=\"post_wrapper\">\n\t\t\n\t\t\t\t    <div class=\"post_img static\">\n\t\t\t    \t\t\t    <div class=\"post_img_hover \">\n\t\t\t     \t\t\t\t\t     <img  src=\"https:\/\/www.nataliapancec.ro\/wp-content\/uploads\/2020\/10\/recital-19-oct-natalia-Pancec.jpg\" class=\"\" alt=\"\"\/>\n\t\t\t\t     \t\t\t     \t\t\t\t     \t<a href=\"https:\/\/www.nataliapancec.ro\/index.php\/2020\/10\/15\/recital-cameral-natalia-pancec-adriana-toacsen-kamaraestje\/\"><\/a>\n\t\t\t    <\/div>\n\t\t    <\/div>\n\t\t\t    \n\t    <div class=\"post_content_wrapper text_\">\n\t\t    \n\t\t    <div class=\"post_header\">\n\t\t\t    \t\t\t    <div class=\"post_detail single_post\">\n\t\t\t    \t<span class=\"post_info_cat\">\n\t\t\t\t\t\t\t\t\t\t\t\t      \t<a href=\"https:\/\/www.nataliapancec.ro\/index.php\/category\/evenimente\/\">Evenimente<\/a>\n\t\t\t\t\t\t\t\t\t    \t<\/span>\n\t\t\t \t<\/div>\n\t\t\t \t\t\t\t\t<div class=\"post_header_title\">\n\t\t\t\t    <h5><a href=\"https:\/\/www.nataliapancec.ro\/index.php\/2020\/10\/15\/recital-cameral-natalia-pancec-adriana-toacsen-kamaraestje\/\" title=\"Recital cameral Natalia Pancec &#038; Adriana Toacsen kamaraestje\">Recital cameral Natalia Pancec &#038; Adriana Toacsen kamaraestje<\/a><\/h5>\n\t\t\t\t<\/div>\n\t\t\t<\/div>\n\t    \n\t\t\t<div class=\"post_header_wrapper\">\n\t\t\t\t\t\t\t    \t\t\t<\/div>\n\t    <\/div>\n\t    \n\t<\/div>\n\n<\/div>\n\n<!-- End each blog post --><!-- Begin each blog post -->\n<div class=\"blog-posts-grid post-4145 post type-post status-publish format-standard hentry category-evenimente\">\n\n\t<div class=\"post_wrapper\">\n\t\t\n\t\t\t    \n\t    <div class=\"post_content_wrapper text_\">\n\t\t    \n\t\t    <div class=\"post_header\">\n\t\t\t    \t\t\t    <div class=\"post_detail single_post\">\n\t\t\t    \t<span class=\"post_info_cat\">\n\t\t\t\t\t\t\t\t\t\t\t\t      \t<a href=\"https:\/\/www.nataliapancec.ro\/index.php\/category\/evenimente\/\">Evenimente<\/a>\n\t\t\t\t\t\t\t\t\t    \t<\/span>\n\t\t\t \t<\/div>\n\t\t\t \t\t\t\t\t<div class=\"post_header_title\">\n\t\t\t\t    <h5><a href=\"https:\/\/www.nataliapancec.ro\/index.php\/2020\/08\/28\/recital-de-muzica-romaneasca\/\" title=\"Recital de muzic\u0103 rom\u00e2neasc\u0103\">Recital de muzic\u0103 rom\u00e2neasc\u0103<\/a><\/h5>\n\t\t\t\t<\/div>\n\t\t\t<\/div>\n\t    \n\t\t\t<div class=\"post_header_wrapper\">\n\t\t\t\t\t\t\t    \t\t\t<\/div>\n\t    <\/div>\n\t    \n\t<\/div>\n\n<\/div>\n\n<!-- End each blog post --><!-- Begin each blog post -->\n<div class=\"blog-posts-grid post-4069 post type-post status-publish format-standard has-post-thumbnail hentry category-evenimente\">\n\n\t<div class=\"post_wrapper\">\n\t\t\n\t\t\t\t    <div class=\"post_img static\">\n\t\t\t    \t\t\t    <div class=\"post_img_hover \">\n\t\t\t     \t\t\t\t\t     <img  src=\"https:\/\/www.nataliapancec.ro\/wp-content\/uploads\/2020\/07\/2020EnescuCompetitionONLINE-900x604.jpg\" class=\"\" alt=\"\"\/>\n\t\t\t\t     \t\t\t     \t\t\t\t     \t<a href=\"https:\/\/www.nataliapancec.ro\/index.php\/2020\/08\/01\/concertul-de-gala-al-concursului-george-enescu-sustinut-de-orchestra-filarmonicii-george-enescu\/\"><\/a>\n\t\t\t    <\/div>\n\t\t    <\/div>\n\t\t\t    \n\t    <div class=\"post_content_wrapper text_\">\n\t\t    \n\t\t    <div class=\"post_header\">\n\t\t\t    \t\t\t    <div class=\"post_detail single_post\">\n\t\t\t    \t<span class=\"post_info_cat\">\n\t\t\t\t\t\t\t\t\t\t\t\t      \t<a href=\"https:\/\/www.nataliapancec.ro\/index.php\/category\/evenimente\/\">Evenimente<\/a>\n\t\t\t\t\t\t\t\t\t    \t<\/span>\n\t\t\t \t<\/div>\n\t\t\t \t\t\t\t\t<div class=\"post_header_title\">\n\t\t\t\t    <h5><a href=\"https:\/\/www.nataliapancec.ro\/index.php\/2020\/08\/01\/concertul-de-gala-al-concursului-george-enescu-sustinut-de-orchestra-filarmonicii-george-enescu\/\" title=\"Concertul de gal\u0103 al Concursului George Enescu sus\u021binut de orchestra Filarmonicii George Enescu\">Concertul de gal\u0103 al Concursului George Enescu sus\u021binut de orchestra Filarmonicii George Enescu<\/a><\/h5>\n\t\t\t\t<\/div>\n\t\t\t<\/div>\n\t    \n\t\t\t<div class=\"post_header_wrapper\">\n\t\t\t\t\t\t\t    \t\t\t<\/div>\n\t    <\/div>\n\t    \n\t<\/div>\n\n<\/div>\n\n<!-- End each blog post --><!-- Begin each blog post -->\n<div class=\"blog-posts-grid post-4102 post type-post status-publish format-standard has-post-thumbnail hentry category-evenimente\">\n\n\t<div class=\"post_wrapper\">\n\t\t\n\t\t\t\t    <div class=\"post_img static\">\n\t\t\t    \t\t\t    <div class=\"post_img_hover \">\n\t\t\t     \t\t\t\t\t     <img  src=\"https:\/\/www.nataliapancec.ro\/wp-content\/uploads\/2020\/07\/poza-cu-Adriana1.jpg\" class=\"\" alt=\"\"\/>\n\t\t\t\t     \t\t\t     \t\t\t\t     \t<a href=\"https:\/\/www.nataliapancec.ro\/index.php\/2020\/07\/27\/festivalul-mozartissimo-recital-de-sonate-pentru-pian-si-vioara-de-mozart\/\"><\/a>\n\t\t\t    <\/div>\n\t\t    <\/div>\n\t\t\t    \n\t    <div class=\"post_content_wrapper text_\">\n\t\t    \n\t\t    <div class=\"post_header\">\n\t\t\t    \t\t\t    <div class=\"post_detail single_post\">\n\t\t\t    \t<span class=\"post_info_cat\">\n\t\t\t\t\t\t\t\t\t\t\t\t      \t<a href=\"https:\/\/www.nataliapancec.ro\/index.php\/category\/evenimente\/\">Evenimente<\/a>\n\t\t\t\t\t\t\t\t\t    \t<\/span>\n\t\t\t \t<\/div>\n\t\t\t \t\t\t\t\t<div class=\"post_header_title\">\n\t\t\t\t    <h5><a href=\"https:\/\/www.nataliapancec.ro\/index.php\/2020\/07\/27\/festivalul-mozartissimo-recital-de-sonate-pentru-pian-si-vioara-de-mozart\/\" title=\"Festivalul Mozartissimo \u2013 Recital de sonate pentru pian \u0219i vioar\u0103 de Mozart\">Festivalul Mozartissimo \u2013 Recital de sonate pentru pian \u0219i vioar\u0103 de Mozart<\/a><\/h5>\n\t\t\t\t<\/div>\n\t\t\t<\/div>\n\t    \n\t\t\t<div class=\"post_header_wrapper\">\n\t\t\t\t\t\t\t    \t\t\t<\/div>\n\t    <\/div>\n\t    \n\t<\/div>\n\n<\/div>\n\n<!-- End each blog post --><!-- Begin each blog post -->\n<div class=\"blog-posts-grid post-4030 post type-post status-publish format-standard has-post-thumbnail hentry category-evenimente\">\n\n\t<div class=\"post_wrapper\">\n\t\t\n\t\t\t\t    <div class=\"post_img static\">\n\t\t\t    \t\t\t    <div class=\"post_img_hover \">\n\t\t\t     \t\t\t\t\t     <img  src=\"https:\/\/www.nataliapancec.ro\/wp-content\/uploads\/2020\/04\/concertmaestru-natalia-Pancec-3-1-960x604.jpg\" class=\"\" alt=\"\"\/>\n\t\t\t\t     \t\t\t     \t\t\t\t     \t<a href=\"https:\/\/www.nataliapancec.ro\/index.php\/2020\/07\/01\/concertul-filarmonicii-george-enescu-in-festivalul-vara-magica\/\"><\/a>\n\t\t\t    <\/div>\n\t\t    <\/div>\n\t\t\t    \n\t    <div class=\"post_content_wrapper text_\">\n\t\t    \n\t\t    <div class=\"post_header\">\n\t\t\t    \t\t\t    <div class=\"post_detail single_post\">\n\t\t\t    \t<span class=\"post_info_cat\">\n\t\t\t\t\t\t\t\t\t\t\t\t      \t<a href=\"https:\/\/www.nataliapancec.ro\/index.php\/category\/evenimente\/\">Evenimente<\/a>\n\t\t\t\t\t\t\t\t\t    \t<\/span>\n\t\t\t \t<\/div>\n\t\t\t \t\t\t\t\t<div class=\"post_header_title\">\n\t\t\t\t    <h5><a href=\"https:\/\/www.nataliapancec.ro\/index.php\/2020\/07\/01\/concertul-filarmonicii-george-enescu-in-festivalul-vara-magica\/\" title=\"Concertul Filarmonicii George Enescu \u00een Festivalul Vara Magic\u0103\">Concertul Filarmonicii George Enescu \u00een Festivalul Vara Magic\u0103<\/a><\/h5>\n\t\t\t\t<\/div>\n\t\t\t<\/div>\n\t    \n\t\t\t<div class=\"post_header_wrapper\">\n\t\t\t\t\t\t\t    \t\t\t<\/div>\n\t    <\/div>\n\t    \n\t<\/div>\n\n<\/div>\n\n<!-- End each blog post --><!-- Begin each blog post -->\n<div class=\"blog-posts-grid post-155 post type-post status-publish format-standard has-post-thumbnail hentry category-evenimente tag-artist tag-concert tag-music tag-stories\">\n\n\t<div class=\"post_wrapper\">\n\t\t\n\t\t\t\t    <div class=\"post_img static\">\n\t\t\t    \t\t\t    <div class=\"post_img_hover \">\n\t\t\t     \t\t\t\t\t     <img  src=\"https:\/\/www.nataliapancec.ro\/wp-content\/uploads\/2020\/03\/evenimente-header-2-festival-960x604.jpg\" class=\"\" alt=\"\"\/>\n\t\t\t\t     \t\t\t     \t\t\t\t     \t<a href=\"https:\/\/www.nataliapancec.ro\/index.php\/2020\/07\/01\/festivalul-intersonanzen-cu-ansamblul-de-muzica-contemporana-devotiomoderna\/\"><\/a>\n\t\t\t    <\/div>\n\t\t    <\/div>\n\t\t\t    \n\t    <div class=\"post_content_wrapper text_\">\n\t\t    \n\t\t    <div class=\"post_header\">\n\t\t\t    \t\t\t    <div class=\"post_detail single_post\">\n\t\t\t    \t<span class=\"post_info_cat\">\n\t\t\t\t\t\t\t\t\t\t\t\t      \t<a href=\"https:\/\/www.nataliapancec.ro\/index.php\/category\/evenimente\/\">Evenimente<\/a>\n\t\t\t\t\t\t\t\t\t    \t<\/span>\n\t\t\t \t<\/div>\n\t\t\t \t\t\t\t\t<div class=\"post_header_title\">\n\t\t\t\t    <h5><a href=\"https:\/\/www.nataliapancec.ro\/index.php\/2020\/07\/01\/festivalul-intersonanzen-cu-ansamblul-de-muzica-contemporana-devotiomoderna\/\" title=\"Festivalul Intersonanzen, Cu Ansamblul de muzica contemporana devotioModerna\">Festivalul Intersonanzen, Cu Ansamblul de muzica contemporana devotioModerna<\/a><\/h5>\n\t\t\t\t<\/div>\n\t\t\t<\/div>\n\t    \n\t\t\t<div class=\"post_header_wrapper\">\n\t\t\t\t\t\t\t    \t\t\t<\/div>\n\t    <\/div>\n\t    \n\t<\/div>\n\n<\/div>\n\n<!-- End each blog post --><!-- Begin each blog post -->\n<div class=\"blog-posts-grid post-150 post type-post status-publish format-standard has-post-thumbnail hentry category-evenimente tag-artist tag-concert tag-music tag-stories\">\n\n\t<div class=\"post_wrapper\">\n\t\t\n\t\t\t\t    <div class=\"post_img static\">\n\t\t\t    \t\t\t    <div class=\"post_img_hover \">\n\t\t\t     \t\t\t\t\t     <img  src=\"https:\/\/www.nataliapancec.ro\/wp-content\/uploads\/2020\/03\/evenimente-960x604.jpg\" class=\"\" alt=\"\"\/>\n\t\t\t\t     \t\t\t     \t\t\t\t     \t<a href=\"https:\/\/www.nataliapancec.ro\/index.php\/2020\/04\/06\/festivalul-zilele-muzicii-noi-cu-ansamblul-devotiomoderna\/\"><\/a>\n\t\t\t    <\/div>\n\t\t    <\/div>\n\t\t\t    \n\t    <div class=\"post_content_wrapper text_\">\n\t\t    \n\t\t    <div class=\"post_header\">\n\t\t\t    \t\t\t    <div class=\"post_detail single_post\">\n\t\t\t    \t<span class=\"post_info_cat\">\n\t\t\t\t\t\t\t\t\t\t\t\t      \t<a href=\"https:\/\/www.nataliapancec.ro\/index.php\/category\/evenimente\/\">Evenimente<\/a>\n\t\t\t\t\t\t\t\t\t    \t<\/span>\n\t\t\t \t<\/div>\n\t\t\t \t\t\t\t\t<div class=\"post_header_title\">\n\t\t\t\t    <h5><a href=\"https:\/\/www.nataliapancec.ro\/index.php\/2020\/04\/06\/festivalul-zilele-muzicii-noi-cu-ansamblul-devotiomoderna\/\" title=\"Festivalul Zilele Muzicii Noi cu Ansamblul devotioModerna\">Festivalul Zilele Muzicii Noi cu Ansamblul devotioModerna<\/a><\/h5>\n\t\t\t\t<\/div>\n\t\t\t<\/div>\n\t    \n\t\t\t<div class=\"post_header_wrapper\">\n\t\t\t\t\t\t\t    \t\t\t<\/div>\n\t    <\/div>\n\t    \n\t<\/div>\n\n<\/div>\n\n<!-- End each blog post --><!-- Begin each blog post -->\n<div class=\"blog-posts-grid post-158 post type-post status-publish format-standard has-post-thumbnail hentry category-evenimente tag-artist tag-concert tag-music\">\n\n\t<div class=\"post_wrapper\">\n\t\t\n\t\t\t\t    <div class=\"post_img static\">\n\t\t\t    \t\t\t    <div class=\"post_img_hover \">\n\t\t\t     \t\t\t\t\t     <img  src=\"https:\/\/www.nataliapancec.ro\/wp-content\/uploads\/2020\/03\/evenimente-afis-960x604.jpg\" class=\"\" alt=\"\"\/>\n\t\t\t\t     \t\t\t     \t\t\t\t     \t<a href=\"https:\/\/www.nataliapancec.ro\/index.php\/2020\/03\/04\/recital-de-muzica-si-poezie-intitulat-lumina-din-cer\/\"><\/a>\n\t\t\t    <\/div>\n\t\t    <\/div>\n\t\t\t    \n\t    <div class=\"post_content_wrapper text_\">\n\t\t    \n\t\t    <div class=\"post_header\">\n\t\t\t    \t\t\t    <div class=\"post_detail single_post\">\n\t\t\t    \t<span class=\"post_info_cat\">\n\t\t\t\t\t\t\t\t\t\t\t\t      \t<a href=\"https:\/\/www.nataliapancec.ro\/index.php\/category\/evenimente\/\">Evenimente<\/a>\n\t\t\t\t\t\t\t\t\t    \t<\/span>\n\t\t\t \t<\/div>\n\t\t\t \t\t\t\t\t<div class=\"post_header_title\">\n\t\t\t\t    <h5><a href=\"https:\/\/www.nataliapancec.ro\/index.php\/2020\/03\/04\/recital-de-muzica-si-poezie-intitulat-lumina-din-cer\/\" title=\"Recital de muzic\u0103 \u0219i poezie intitulat \u201cLumina din Cer\u201d\">Recital de muzic\u0103 \u0219i poezie intitulat \u201cLumina din Cer\u201d<\/a><\/h5>\n\t\t\t\t<\/div>\n\t\t\t<\/div>\n\t    \n\t\t\t<div class=\"post_header_wrapper\">\n\t\t\t\t\t\t\t    \t\t\t<\/div>\n\t    <\/div>\n\t    \n\t<\/div>\n\n<\/div>\n\n<!-- End each blog post --><!-- Begin each blog post -->\n<div class=\"blog-posts-grid post-152 post type-post status-publish format-standard has-post-thumbnail hentry category-evenimente tag-artist tag-concert tag-music tag-stories\">\n\n\t<div class=\"post_wrapper\">\n\t\t\n\t\t\t\t    <div class=\"post_img static\">\n\t\t\t    \t\t\t    <div class=\"post_img_hover \">\n\t\t\t     \t\t\t\t\t     <img  src=\"https:\/\/www.nataliapancec.ro\/wp-content\/uploads\/2020\/04\/3-evenimente-960x604.jpg\" class=\"\" alt=\"\"\/>\n\t\t\t\t     \t\t\t     \t\t\t\t     \t<a href=\"https:\/\/www.nataliapancec.ro\/index.php\/2020\/03\/04\/ansamblul-devotiomoderna\/\"><\/a>\n\t\t\t    <\/div>\n\t\t    <\/div>\n\t\t\t    \n\t    <div class=\"post_content_wrapper text_\">\n\t\t    \n\t\t    <div class=\"post_header\">\n\t\t\t    \t\t\t    <div class=\"post_detail single_post\">\n\t\t\t    \t<span class=\"post_info_cat\">\n\t\t\t\t\t\t\t\t\t\t\t\t      \t<a href=\"https:\/\/www.nataliapancec.ro\/index.php\/category\/evenimente\/\">Evenimente<\/a>\n\t\t\t\t\t\t\t\t\t    \t<\/span>\n\t\t\t \t<\/div>\n\t\t\t \t\t\t\t\t<div class=\"post_header_title\">\n\t\t\t\t    <h5><a href=\"https:\/\/www.nataliapancec.ro\/index.php\/2020\/03\/04\/ansamblul-devotiomoderna\/\" title=\"Ansamblul devotioModerna &#8211;  (SIMN)\">Ansamblul devotioModerna &#8211;  (SIMN)<\/a><\/h5>\n\t\t\t\t<\/div>\n\t\t\t<\/div>\n\t    \n\t\t\t<div class=\"post_header_wrapper\">\n\t\t\t\t\t\t\t    \t\t\t<\/div>\n\t    <\/div>\n\t    \n\t<\/div>\n\n<\/div>\n\n<!-- End each blog post --><\/div>\n<div class=\"pagination blog-posts-grid\"><span class=\"current\">1<\/span><a href='https:\/\/www.nataliapancec.ro\/index.php\/wp-json\/wp\/v2\/pages\/170\/page\/2\/' class=\"inactive\">2<\/a><\/div>\t\t\t<div class=\"pagination_detail blog-posts-grid\">\n\t\t    \tPage 1 of 2\t\t    <\/div>\n<br class=\"clear\"\/>\t\t<\/div>\n\t\t\t\t<\/div>\n\t\t\t\t\t\t<\/div>\n\t\t\t\t\t<\/div>\n\t\t<\/div>\n\t\t\t\t\t\t\t\t<\/div>\n\t\t\t\t\t<\/div>\n\t\t<\/section>\n\t\t\t\t\t\t<\/div>\n\t\t\t\t\t\t<\/div>\n\t\t\t\t\t<\/div>\n\t\t","protected":false},"excerpt":{"rendered":"<p>Activit\u0103\u021bi Evenimente Concertul de gal\u0103 al Concursului George Enescu sus\u021binut de orchestra Filarmonicii George Enescu Evenimente Festivalul Mozartissimo &#8211; Recital de sonate pentru pian \u0219i vioar\u0103 de Mozart Evenimente Concertul Filarmonicii George Enescu \u00een Festivalul Vara Magic\u0103 Evenimente Festivalul Intersonanzen, [&hellip;]<\/p>\n","protected":false},"author":4,"featured_media":0,"parent":0,"menu_order":0,"comment_status":"closed","ping_status":"closed","template":"","meta":[],"_links":{"self":[{"href":"https:\/\/www.nataliapancec.ro\/index.php\/wp-json\/wp\/v2\/pages\/170"}],"collection":[{"href":"https:\/\/www.nataliapancec.ro\/index.php\/wp-json\/wp\/v2\/pages"}],"about":[{"href":"https:\/\/www.nataliapancec.ro\/index.php\/wp-json\/wp\/v2\/types\/page"}],"author":[{"embeddable":true,"href":"https:\/\/www.nataliapancec.ro\/index.php\/wp-json\/wp\/v2\/users\/4"}],"replies":[{"embeddable":true,"href":"https:\/\/www.nataliapancec.ro\/index.php\/wp-json\/wp\/v2\/comments?post=170"}],"version-history":[{"count":19,"href":"https:\/\/www.nataliapancec.ro\/index.php\/wp-json\/wp\/v2\/pages\/170\/revisions"}],"predecessor-version":[{"id":4078,"href":"https:\/\/www.nataliapancec.ro\/index.php\/wp-json\/wp\/v2\/pages\/170\/revisions\/4078"}],"wp:attachment":[{"href":"https:\/\/www.nataliapancec.ro\/index.php\/wp-json\/wp\/v2\/media?parent=170"}],"curies":[{"name":"wp","href":"https:\/\/api.w.org\/{rel}","templated":true}]}}