{"id":213,"date":"2018-10-04T04:46:35","date_gmt":"2018-10-04T04:46:35","guid":{"rendered":"http:\/\/themes.themegoods.com\/musico\/demo\/?page_id=213"},"modified":"2020-05-26T11:09:03","modified_gmt":"2020-05-26T11:09:03","slug":"blog-classic","status":"publish","type":"page","link":"https:\/\/www.nataliapancec.ro\/index.php\/blog-classic\/","title":{"rendered":"Blog Classic"},"content":{"rendered":"\t\t<div data-elementor-type=\"wp-post\" data-elementor-id=\"213\" class=\"elementor elementor-213 elementor-bc-flex-widget\" data-elementor-settings=\"[]\">\n\t\t\t\t\t\t<div class=\"elementor-inner\">\n\t\t\t\t\t\t\t<div class=\"elementor-section-wrap\">\n\t\t\t\t\t\t\t<section class=\"elementor-section elementor-top-section elementor-element elementor-element-9600c1e headline elementor-section-boxed elementor-section-height-default elementor-section-height-default\" data-id=\"9600c1e\" data-element_type=\"section\">\n\t\t\t\t\t\t<div class=\"elementor-container elementor-column-gap-default\">\n\t\t\t\t\t\t\t<div class=\"elementor-row\">\n\t\t\t\t\t<div class=\"elementor-column elementor-col-100 elementor-top-column elementor-element elementor-element-a2f8a59\" data-id=\"a2f8a59\" data-element_type=\"column\">\n\t\t\t<div class=\"elementor-column-wrap elementor-element-populated\">\n\t\t\t\t\t\t\t<div class=\"elementor-widget-wrap\">\n\t\t\t\t\t\t<div class=\"elementor-element elementor-element-768b32e elementor-widget elementor-widget-heading\" data-id=\"768b32e\" data-element_type=\"widget\" data-widget_type=\"heading.default\">\n\t\t\t\t<div class=\"elementor-widget-container\">\n\t\t\t<span class=\"elementor-heading-title elementor-size-default\">Latest<\/span>\t\t<\/div>\n\t\t\t\t<\/div>\n\t\t\t\t<div class=\"elementor-element elementor-element-459b669 elementor-widget elementor-widget-heading\" data-id=\"459b669\" data-element_type=\"widget\" data-widget_type=\"heading.default\">\n\t\t\t\t<div class=\"elementor-widget-container\">\n\t\t\t<h1 class=\"elementor-heading-title elementor-size-default\">News<\/h1>\t\t<\/div>\n\t\t\t\t<\/div>\n\t\t\t\t\t\t<\/div>\n\t\t\t\t\t<\/div>\n\t\t<\/div>\n\t\t\t\t\t\t\t\t<\/div>\n\t\t\t\t\t<\/div>\n\t\t<\/section>\n\t\t\t\t<section class=\"elementor-section elementor-top-section elementor-element elementor-element-bac0144 elementor-section-full_width elementor-section-height-default elementor-section-height-default\" data-id=\"bac0144\" data-element_type=\"section\">\n\t\t\t\t\t\t<div class=\"elementor-container elementor-column-gap-default\">\n\t\t\t\t\t\t\t<div class=\"elementor-row\">\n\t\t\t\t\t<div class=\"elementor-column elementor-col-100 elementor-top-column elementor-element elementor-element-229659e\" data-id=\"229659e\" data-element_type=\"column\">\n\t\t\t<div class=\"elementor-column-wrap elementor-element-populated\">\n\t\t\t\t\t\t\t<div class=\"elementor-widget-wrap\">\n\t\t\t\t\t\t<div class=\"elementor-element elementor-element-7e5663d elementor-widget elementor-widget-photographer-blog-posts\" data-id=\"7e5663d\" data-element_type=\"widget\" data-widget_type=\"photographer-blog-posts.default\">\n\t\t\t\t<div class=\"elementor-widget-container\">\n\t\t\t<div class=\"blog_post_content_wrapper layout_classic\">\n<!-- Begin each blog post -->\n<div class=\"blog-posts-classic post-4259 post type-post status-publish format-standard has-post-thumbnail hentry category-evenimente\">\n\n\t<div class=\"post_wrapper\">\n\t\t\n\t\t\t\t    <div class=\"post_img static\">\n\t\t\t    \t\t\t    <div class=\"post_img_hover classic \">\n\t\t\t     \t\t\t\t\t     <img  src=\"https:\/\/www.nataliapancec.ro\/wp-content\/uploads\/2020\/02\/1-When-Violin-meets-Guitar-960x604.jpg\" class=\"\" alt=\"\"\/>\n\t\t\t\t     \t\t\t     \t\t\t\t     \t<a href=\"https:\/\/www.nataliapancec.ro\/index.php\/2023\/02\/23\/meta-vivaldi-when-violin-meets-guitar\/\"><\/a>\n\t\t\t    <\/div>\n\t\t    <\/div>\n\t\t\t    \n\t    <div class=\"post_content_wrapper text_left\">\n\t\t    \n\t\t    <div class=\"post_header\">\n\t\t\t    \t\t\t    <div class=\"post_detail single_post\">\n\t\t\t    \t<span class=\"post_info_cat\">\n\t\t\t\t\t\t\t\t\t\t\t\t      \t<a href=\"https:\/\/www.nataliapancec.ro\/index.php\/category\/evenimente\/\">Evenimente<\/a>\n\t\t\t\t\t\t\t\t\t    \t<\/span>\n\t\t\t \t<\/div>\n\t\t\t \t\t\t\t\t<div class=\"post_header_title\">\n\t\t\t\t    <h5><a href=\"https:\/\/www.nataliapancec.ro\/index.php\/2023\/02\/23\/meta-vivaldi-when-violin-meets-guitar\/\" title=\"Meta Vivaldi &#8211; When Violin meets Guitar\u200b\">Meta Vivaldi &#8211; When Violin meets Guitar\u200b<\/a><\/h5>\n\t\t\t\t<\/div>\n\t\t\t<\/div>\n\t    \n\t\t\t<div class=\"post_header_wrapper\">\n\t\t\t\t<p>09 Martie 2023 Ceain\u0103ria Green Tea Str Doctor Burghelea 24 Rezerva prin telefon 0749090202 Meta Vivaldi &#8211; When Violin meets Guitar Vioar\u0103: Natalia Pancec Ghitar\u0103:&nbsp; Emilian Florentin...<\/p>\t\t\t    \t\t\t    <div class=\"post_button_wrapper\">\n\t\t\t    \t<div class=\"post_attribute\">\n\t\t\t\t\t    <a href=\"https:\/\/www.nataliapancec.ro\/index.php\/2023\/02\/23\/meta-vivaldi-when-violin-meets-guitar\/\" title=\"Meta Vivaldi &#8211; When Violin meets Guitar\u200b\">February 23, 2023<\/a>\n\t\t\t\t\t<\/div>\n\t\t\t    <\/div>\n\t\t\t    \t\t\t<\/div>\n\t    <\/div>\n\t    \n\t<\/div>\n\n<\/div>\n<br class=\"clear\"\/>\n<!-- End each blog post --><!-- Begin each blog post -->\n<div class=\"blog-posts-classic post-4230 post type-post status-publish format-standard has-post-thumbnail hentry category-evenimente\">\n\n\t<div class=\"post_wrapper\">\n\t\t\n\t\t\t\t    <div class=\"post_img static\">\n\t\t\t    \t\t\t    <div class=\"post_img_hover classic \">\n\t\t\t     \t\t\t\t\t     <img  src=\"https:\/\/www.nataliapancec.ro\/wp-content\/uploads\/2022\/02\/WhatsApp-Image-2022-02-15-at-21.13.38-679x604.jpeg\" class=\"\" alt=\"\"\/>\n\t\t\t\t     \t\t\t     \t\t\t\t     \t<a href=\"https:\/\/www.nataliapancec.ro\/index.php\/2022\/02\/16\/concert-cameral-beethoven-perpetuum-mobile\/\"><\/a>\n\t\t\t    <\/div>\n\t\t    <\/div>\n\t\t\t    \n\t    <div class=\"post_content_wrapper text_left\">\n\t\t    \n\t\t    <div class=\"post_header\">\n\t\t\t    \t\t\t    <div class=\"post_detail single_post\">\n\t\t\t    \t<span class=\"post_info_cat\">\n\t\t\t\t\t\t\t\t\t\t\t\t      \t<a href=\"https:\/\/www.nataliapancec.ro\/index.php\/category\/evenimente\/\">Evenimente<\/a>\n\t\t\t\t\t\t\t\t\t    \t<\/span>\n\t\t\t \t<\/div>\n\t\t\t \t\t\t\t\t<div class=\"post_header_title\">\n\t\t\t\t    <h5><a href=\"https:\/\/www.nataliapancec.ro\/index.php\/2022\/02\/16\/concert-cameral-beethoven-perpetuum-mobile\/\" title=\"Concert cameral Beethoven Perpetuum Mobile\">Concert cameral Beethoven Perpetuum Mobile<\/a><\/h5>\n\t\t\t\t<\/div>\n\t\t\t<\/div>\n\t    \n\t\t\t<div class=\"post_header_wrapper\">\n\t\t\t\t<p>8 Aprilie 2022 Filarmonica Pite\u0219ti-Sala Simfonia Calea Bucure\u0219ti, nr 2, Pite\u0219ti, jud Arge\u0219 Bilete Concert cameral Beethoven Perpetuum Mobile La vioar\u0103: Natalia Pancec La pian:&nbsp;Adriana...<\/p>\t\t\t    \t\t\t    <div class=\"post_button_wrapper\">\n\t\t\t    \t<div class=\"post_attribute\">\n\t\t\t\t\t    <a href=\"https:\/\/www.nataliapancec.ro\/index.php\/2022\/02\/16\/concert-cameral-beethoven-perpetuum-mobile\/\" title=\"Concert cameral Beethoven Perpetuum Mobile\">February 16, 2022<\/a>\n\t\t\t\t\t<\/div>\n\t\t\t    <\/div>\n\t\t\t    \t\t\t<\/div>\n\t    <\/div>\n\t    \n\t<\/div>\n\n<\/div>\n<br class=\"clear\"\/>\n<!-- End each blog post --><!-- Begin each blog post -->\n<div class=\"blog-posts-classic post-4200 post type-post status-publish format-standard has-post-thumbnail hentry category-concert-maestru category-evenimente\">\n\n\t<div class=\"post_wrapper\">\n\t\t\n\t\t\t\t    <div class=\"post_img static\">\n\t\t\t    \t\t\t    <div class=\"post_img_hover classic \">\n\t\t\t     \t\t\t\t\t     <img  src=\"https:\/\/www.nataliapancec.ro\/wp-content\/uploads\/2020\/04\/concertmaestru-natalia-Pancec-4-960x604.jpg\" class=\"\" alt=\"\"\/>\n\t\t\t\t     \t\t\t     \t\t\t\t     \t<a href=\"https:\/\/www.nataliapancec.ro\/index.php\/2021\/01\/06\/concertul-de-anul-nou-al-orchestrei-filarmonicii-george-enescu\/\"><\/a>\n\t\t\t    <\/div>\n\t\t    <\/div>\n\t\t\t    \n\t    <div class=\"post_content_wrapper text_left\">\n\t\t    \n\t\t    <div class=\"post_header\">\n\t\t\t    \t\t\t    <div class=\"post_detail single_post\">\n\t\t\t    \t<span class=\"post_info_cat\">\n\t\t\t\t\t\t\t\t\t\t\t\t      \t<a href=\"https:\/\/www.nataliapancec.ro\/index.php\/category\/concert-maestru\/\">Concert Maestru<\/a>\n\t\t\t\t\t\t&nbsp;&middot;&nbsp;\t\t\t\t\t\t      \t<a href=\"https:\/\/www.nataliapancec.ro\/index.php\/category\/evenimente\/\">Evenimente<\/a>\n\t\t\t\t\t\t\t\t\t    \t<\/span>\n\t\t\t \t<\/div>\n\t\t\t \t\t\t\t\t<div class=\"post_header_title\">\n\t\t\t\t    <h5><a href=\"https:\/\/www.nataliapancec.ro\/index.php\/2021\/01\/06\/concertul-de-anul-nou-al-orchestrei-filarmonicii-george-enescu\/\" title=\"Concertul de Anul Nou al orchestrei Filarmonicii George Enescu\">Concertul de Anul Nou al orchestrei Filarmonicii George Enescu<\/a><\/h5>\n\t\t\t\t<\/div>\n\t\t\t<\/div>\n\t    \n\t\t\t<div class=\"post_header_wrapper\">\n\t\t\t\t<p>07 Ianuarie 2021 Ateneul Roman Str Benjamin Franklin nr1-3, sector 1 Online Concertul de Anul Nou al orchestrei Filarmonicii George Enescu Concertmaestru &#8211; Natalia Pancec Dirijor: David...<\/p>\t\t\t    \t\t\t    <div class=\"post_button_wrapper\">\n\t\t\t    \t<div class=\"post_attribute\">\n\t\t\t\t\t    <a href=\"https:\/\/www.nataliapancec.ro\/index.php\/2021\/01\/06\/concertul-de-anul-nou-al-orchestrei-filarmonicii-george-enescu\/\" title=\"Concertul de Anul Nou al orchestrei Filarmonicii George Enescu\">January 6, 2021<\/a>\n\t\t\t\t\t<\/div>\n\t\t\t    <\/div>\n\t\t\t    \t\t\t<\/div>\n\t    <\/div>\n\t    \n\t<\/div>\n\n<\/div>\n<br class=\"clear\"\/>\n<!-- End each blog post --><!-- Begin each blog post -->\n<div class=\"blog-posts-classic post-4149 post type-post status-publish format-standard has-post-thumbnail hentry category-evenimente\">\n\n\t<div class=\"post_wrapper\">\n\t\t\n\t\t\t\t    <div class=\"post_img static\">\n\t\t\t    \t\t\t    <div class=\"post_img_hover classic \">\n\t\t\t     \t\t\t\t\t     <img  src=\"https:\/\/www.nataliapancec.ro\/wp-content\/uploads\/2020\/10\/recital-19-oct-natalia-Pancec.jpg\" class=\"\" alt=\"\"\/>\n\t\t\t\t     \t\t\t     \t\t\t\t     \t<a href=\"https:\/\/www.nataliapancec.ro\/index.php\/2020\/10\/15\/recital-cameral-natalia-pancec-adriana-toacsen-kamaraestje\/\"><\/a>\n\t\t\t    <\/div>\n\t\t    <\/div>\n\t\t\t    \n\t    <div class=\"post_content_wrapper text_left\">\n\t\t    \n\t\t    <div class=\"post_header\">\n\t\t\t    \t\t\t    <div class=\"post_detail single_post\">\n\t\t\t    \t<span class=\"post_info_cat\">\n\t\t\t\t\t\t\t\t\t\t\t\t      \t<a href=\"https:\/\/www.nataliapancec.ro\/index.php\/category\/evenimente\/\">Evenimente<\/a>\n\t\t\t\t\t\t\t\t\t    \t<\/span>\n\t\t\t \t<\/div>\n\t\t\t \t\t\t\t\t<div class=\"post_header_title\">\n\t\t\t\t    <h5><a href=\"https:\/\/www.nataliapancec.ro\/index.php\/2020\/10\/15\/recital-cameral-natalia-pancec-adriana-toacsen-kamaraestje\/\" title=\"Recital cameral Natalia Pancec &#038; Adriana Toacsen kamaraestje\">Recital cameral Natalia Pancec &#038; Adriana Toacsen kamaraestje<\/a><\/h5>\n\t\t\t\t<\/div>\n\t\t\t<\/div>\n\t    \n\t\t\t<div class=\"post_header_wrapper\">\n\t\t\t\t<p>19 Octombrie 2020 Institutul Cultural Maghiar Bucure\u0219ti Str Gina Patrichi (fosta Orlando), nr8, Bucharest Rezerv\u0103ri Recital cameral Natalia Pancec &amp; Adriana Toacsen kamaraestje Al doilea...<\/p>\t\t\t    \t\t\t    <div class=\"post_button_wrapper\">\n\t\t\t    \t<div class=\"post_attribute\">\n\t\t\t\t\t    <a href=\"https:\/\/www.nataliapancec.ro\/index.php\/2020\/10\/15\/recital-cameral-natalia-pancec-adriana-toacsen-kamaraestje\/\" title=\"Recital cameral Natalia Pancec &#038; Adriana Toacsen kamaraestje\">October 15, 2020<\/a>\n\t\t\t\t\t<\/div>\n\t\t\t    <\/div>\n\t\t\t    \t\t\t<\/div>\n\t    <\/div>\n\t    \n\t<\/div>\n\n<\/div>\n<br class=\"clear\"\/>\n<!-- End each blog post --><!-- Begin each blog post -->\n<div class=\"blog-posts-classic post-4145 post type-post status-publish format-standard hentry category-evenimente\">\n\n\t<div class=\"post_wrapper\">\n\t\t\n\t\t\t    \n\t    <div class=\"post_content_wrapper text_left\">\n\t\t    \n\t\t    <div class=\"post_header\">\n\t\t\t    \t\t\t    <div class=\"post_detail single_post\">\n\t\t\t    \t<span class=\"post_info_cat\">\n\t\t\t\t\t\t\t\t\t\t\t\t      \t<a href=\"https:\/\/www.nataliapancec.ro\/index.php\/category\/evenimente\/\">Evenimente<\/a>\n\t\t\t\t\t\t\t\t\t    \t<\/span>\n\t\t\t \t<\/div>\n\t\t\t \t\t\t\t\t<div class=\"post_header_title\">\n\t\t\t\t    <h5><a href=\"https:\/\/www.nataliapancec.ro\/index.php\/2020\/08\/28\/recital-de-muzica-romaneasca\/\" title=\"Recital de muzic\u0103 rom\u00e2neasc\u0103\">Recital de muzic\u0103 rom\u00e2neasc\u0103<\/a><\/h5>\n\t\t\t\t<\/div>\n\t\t\t<\/div>\n\t    \n\t\t\t<div class=\"post_header_wrapper\">\n\t\t\t\t<p>...<\/p>\t\t\t    \t\t\t    <div class=\"post_button_wrapper\">\n\t\t\t    \t<div class=\"post_attribute\">\n\t\t\t\t\t    <a href=\"https:\/\/www.nataliapancec.ro\/index.php\/2020\/08\/28\/recital-de-muzica-romaneasca\/\" title=\"Recital de muzic\u0103 rom\u00e2neasc\u0103\">August 28, 2020<\/a>\n\t\t\t\t\t<\/div>\n\t\t\t    <\/div>\n\t\t\t    \t\t\t<\/div>\n\t    <\/div>\n\t    \n\t<\/div>\n\n<\/div>\n<br class=\"clear\"\/>\n<!-- End each blog post --><!-- Begin each blog post -->\n<div class=\"blog-posts-classic post-4069 post type-post status-publish format-standard has-post-thumbnail hentry category-evenimente\">\n\n\t<div class=\"post_wrapper\">\n\t\t\n\t\t\t\t    <div class=\"post_img static\">\n\t\t\t    \t\t\t    <div class=\"post_img_hover classic \">\n\t\t\t     \t\t\t\t\t     <img  src=\"https:\/\/www.nataliapancec.ro\/wp-content\/uploads\/2020\/07\/2020EnescuCompetitionONLINE-900x604.jpg\" class=\"\" alt=\"\"\/>\n\t\t\t\t     \t\t\t     \t\t\t\t     \t<a href=\"https:\/\/www.nataliapancec.ro\/index.php\/2020\/08\/01\/concertul-de-gala-al-concursului-george-enescu-sustinut-de-orchestra-filarmonicii-george-enescu\/\"><\/a>\n\t\t\t    <\/div>\n\t\t    <\/div>\n\t\t\t    \n\t    <div class=\"post_content_wrapper text_left\">\n\t\t    \n\t\t    <div class=\"post_header\">\n\t\t\t    \t\t\t    <div class=\"post_detail single_post\">\n\t\t\t    \t<span class=\"post_info_cat\">\n\t\t\t\t\t\t\t\t\t\t\t\t      \t<a href=\"https:\/\/www.nataliapancec.ro\/index.php\/category\/evenimente\/\">Evenimente<\/a>\n\t\t\t\t\t\t\t\t\t    \t<\/span>\n\t\t\t \t<\/div>\n\t\t\t \t\t\t\t\t<div class=\"post_header_title\">\n\t\t\t\t    <h5><a href=\"https:\/\/www.nataliapancec.ro\/index.php\/2020\/08\/01\/concertul-de-gala-al-concursului-george-enescu-sustinut-de-orchestra-filarmonicii-george-enescu\/\" title=\"Concertul de gal\u0103 al Concursului George Enescu sus\u021binut de orchestra Filarmonicii George Enescu\">Concertul de gal\u0103 al Concursului George Enescu sus\u021binut de orchestra Filarmonicii George Enescu<\/a><\/h5>\n\t\t\t\t<\/div>\n\t\t\t<\/div>\n\t    \n\t\t\t<div class=\"post_header_wrapper\">\n\t\t\t\t<p>29 August 2020 Ateneul Roman Str Benjamin Franklin nr1-3, sector 1 Online \u0218ef partid\u0103 \u00een concertul orchestrei Filarmonicii George Enescu Dirijor: Josep Caball\u00e9 Domenech Solisti:&nbsp;Aurelian...<\/p>\t\t\t    \t\t\t    <div class=\"post_button_wrapper\">\n\t\t\t    \t<div class=\"post_attribute\">\n\t\t\t\t\t    <a href=\"https:\/\/www.nataliapancec.ro\/index.php\/2020\/08\/01\/concertul-de-gala-al-concursului-george-enescu-sustinut-de-orchestra-filarmonicii-george-enescu\/\" title=\"Concertul de gal\u0103 al Concursului George Enescu sus\u021binut de orchestra Filarmonicii George Enescu\">August 1, 2020<\/a>\n\t\t\t\t\t<\/div>\n\t\t\t    <\/div>\n\t\t\t    \t\t\t<\/div>\n\t    <\/div>\n\t    \n\t<\/div>\n\n<\/div>\n<br class=\"clear\"\/>\n<!-- End each blog post --><!-- Begin each blog post -->\n<div class=\"blog-posts-classic post-4102 post type-post status-publish format-standard has-post-thumbnail hentry category-evenimente\">\n\n\t<div class=\"post_wrapper\">\n\t\t\n\t\t\t\t    <div class=\"post_img static\">\n\t\t\t    \t\t\t    <div class=\"post_img_hover classic \">\n\t\t\t     \t\t\t\t\t     <img  src=\"https:\/\/www.nataliapancec.ro\/wp-content\/uploads\/2020\/07\/poza-cu-Adriana1.jpg\" class=\"\" alt=\"\"\/>\n\t\t\t\t     \t\t\t     \t\t\t\t     \t<a href=\"https:\/\/www.nataliapancec.ro\/index.php\/2020\/07\/27\/festivalul-mozartissimo-recital-de-sonate-pentru-pian-si-vioara-de-mozart\/\"><\/a>\n\t\t\t    <\/div>\n\t\t    <\/div>\n\t\t\t    \n\t    <div class=\"post_content_wrapper text_left\">\n\t\t    \n\t\t    <div class=\"post_header\">\n\t\t\t    \t\t\t    <div class=\"post_detail single_post\">\n\t\t\t    \t<span class=\"post_info_cat\">\n\t\t\t\t\t\t\t\t\t\t\t\t      \t<a href=\"https:\/\/www.nataliapancec.ro\/index.php\/category\/evenimente\/\">Evenimente<\/a>\n\t\t\t\t\t\t\t\t\t    \t<\/span>\n\t\t\t \t<\/div>\n\t\t\t \t\t\t\t\t<div class=\"post_header_title\">\n\t\t\t\t    <h5><a href=\"https:\/\/www.nataliapancec.ro\/index.php\/2020\/07\/27\/festivalul-mozartissimo-recital-de-sonate-pentru-pian-si-vioara-de-mozart\/\" title=\"Festivalul Mozartissimo \u2013 Recital de sonate pentru pian \u0219i vioar\u0103 de Mozart\">Festivalul Mozartissimo \u2013 Recital de sonate pentru pian \u0219i vioar\u0103 de Mozart<\/a><\/h5>\n\t\t\t\t<\/div>\n\t\t\t<\/div>\n\t    \n\t\t\t<div class=\"post_header_wrapper\">\n\t\t\t\t<p>17 Iulie 2020 Casa Artelor Dinu Lipatti\u200b Str Lascar Catargiu 12 Intrarea liber\u0103 Festivalul Mozartissimo &#8211; Recital de sonate pentru pian \u0219i vioar\u0103 La vioar\u0103: Natalia Pancec La pian:...<\/p>\t\t\t    \t\t\t    <div class=\"post_button_wrapper\">\n\t\t\t    \t<div class=\"post_attribute\">\n\t\t\t\t\t    <a href=\"https:\/\/www.nataliapancec.ro\/index.php\/2020\/07\/27\/festivalul-mozartissimo-recital-de-sonate-pentru-pian-si-vioara-de-mozart\/\" title=\"Festivalul Mozartissimo \u2013 Recital de sonate pentru pian \u0219i vioar\u0103 de Mozart\">July 27, 2020<\/a>\n\t\t\t\t\t<\/div>\n\t\t\t    <\/div>\n\t\t\t    \t\t\t<\/div>\n\t    <\/div>\n\t    \n\t<\/div>\n\n<\/div>\n<br class=\"clear\"\/>\n<!-- End each blog post --><!-- Begin each blog post -->\n<div class=\"blog-posts-classic post-4030 post type-post status-publish format-standard has-post-thumbnail hentry category-evenimente\">\n\n\t<div class=\"post_wrapper\">\n\t\t\n\t\t\t\t    <div class=\"post_img static\">\n\t\t\t    \t\t\t    <div class=\"post_img_hover classic \">\n\t\t\t     \t\t\t\t\t     <img  src=\"https:\/\/www.nataliapancec.ro\/wp-content\/uploads\/2020\/04\/concertmaestru-natalia-Pancec-3-1-960x604.jpg\" class=\"\" alt=\"\"\/>\n\t\t\t\t     \t\t\t     \t\t\t\t     \t<a href=\"https:\/\/www.nataliapancec.ro\/index.php\/2020\/07\/01\/concertul-filarmonicii-george-enescu-in-festivalul-vara-magica\/\"><\/a>\n\t\t\t    <\/div>\n\t\t    <\/div>\n\t\t\t    \n\t    <div class=\"post_content_wrapper text_left\">\n\t\t    \n\t\t    <div class=\"post_header\">\n\t\t\t    \t\t\t    <div class=\"post_detail single_post\">\n\t\t\t    \t<span class=\"post_info_cat\">\n\t\t\t\t\t\t\t\t\t\t\t\t      \t<a href=\"https:\/\/www.nataliapancec.ro\/index.php\/category\/evenimente\/\">Evenimente<\/a>\n\t\t\t\t\t\t\t\t\t    \t<\/span>\n\t\t\t \t<\/div>\n\t\t\t \t\t\t\t\t<div class=\"post_header_title\">\n\t\t\t\t    <h5><a href=\"https:\/\/www.nataliapancec.ro\/index.php\/2020\/07\/01\/concertul-filarmonicii-george-enescu-in-festivalul-vara-magica\/\" title=\"Concertul Filarmonicii George Enescu \u00een Festivalul Vara Magic\u0103\">Concertul Filarmonicii George Enescu \u00een Festivalul Vara Magic\u0103<\/a><\/h5>\n\t\t\t\t<\/div>\n\t\t\t<\/div>\n\t    \n\t\t\t<div class=\"post_header_wrapper\">\n\t\t\t\t<p>16 Iulie 2020 Ateneul Roman Str Benjamin Franklin nr1-3, sector 1 Bilet Ateneu Concertul orchestrei Filarmonicii George Enescu \u00een Festivalul Vara magic\u0103 Dirijor \u0219i solist: David Lefevre PROGRAM...<\/p>\t\t\t    \t\t\t    <div class=\"post_button_wrapper\">\n\t\t\t    \t<div class=\"post_attribute\">\n\t\t\t\t\t    <a href=\"https:\/\/www.nataliapancec.ro\/index.php\/2020\/07\/01\/concertul-filarmonicii-george-enescu-in-festivalul-vara-magica\/\" title=\"Concertul Filarmonicii George Enescu \u00een Festivalul Vara Magic\u0103\">July 1, 2020<\/a>\n\t\t\t\t\t<\/div>\n\t\t\t    <\/div>\n\t\t\t    \t\t\t<\/div>\n\t    <\/div>\n\t    \n\t<\/div>\n\n<\/div>\n<br class=\"clear\"\/>\n<!-- End each blog post --><!-- Begin each blog post -->\n<div class=\"blog-posts-classic post-155 post type-post status-publish format-standard has-post-thumbnail hentry category-evenimente tag-artist tag-concert tag-music tag-stories\">\n\n\t<div class=\"post_wrapper\">\n\t\t\n\t\t\t\t    <div class=\"post_img static\">\n\t\t\t    \t\t\t    <div class=\"post_img_hover classic \">\n\t\t\t     \t\t\t\t\t     <img  src=\"https:\/\/www.nataliapancec.ro\/wp-content\/uploads\/2020\/03\/evenimente-header-2-festival-960x604.jpg\" class=\"\" alt=\"\"\/>\n\t\t\t\t     \t\t\t     \t\t\t\t     \t<a href=\"https:\/\/www.nataliapancec.ro\/index.php\/2020\/07\/01\/festivalul-intersonanzen-cu-ansamblul-de-muzica-contemporana-devotiomoderna\/\"><\/a>\n\t\t\t    <\/div>\n\t\t    <\/div>\n\t\t\t    \n\t    <div class=\"post_content_wrapper text_left\">\n\t\t    \n\t\t    <div class=\"post_header\">\n\t\t\t    \t\t\t    <div class=\"post_detail single_post\">\n\t\t\t    \t<span class=\"post_info_cat\">\n\t\t\t\t\t\t\t\t\t\t\t\t      \t<a href=\"https:\/\/www.nataliapancec.ro\/index.php\/category\/evenimente\/\">Evenimente<\/a>\n\t\t\t\t\t\t\t\t\t    \t<\/span>\n\t\t\t \t<\/div>\n\t\t\t \t\t\t\t\t<div class=\"post_header_title\">\n\t\t\t\t    <h5><a href=\"https:\/\/www.nataliapancec.ro\/index.php\/2020\/07\/01\/festivalul-intersonanzen-cu-ansamblul-de-muzica-contemporana-devotiomoderna\/\" title=\"Festivalul Intersonanzen, Cu Ansamblul de muzica contemporana devotioModerna\">Festivalul Intersonanzen, Cu Ansamblul de muzica contemporana devotioModerna<\/a><\/h5>\n\t\t\t\t<\/div>\n\t\t\t<\/div>\n\t    \n\t\t\t<div class=\"post_header_wrapper\">\n\t\t\t\t<p>22 August 2020 Festivalul Intersonanzen Potsdam, Germania BVNM eV Charlottenstr 31 Vezi detalii Ansamblul devotioModerna Flaut: Carla Stoleru Vioar\u0103: Natalia Pancec Violoncel: Dan Cavassi Pian:...<\/p>\t\t\t    \t\t\t    <div class=\"post_button_wrapper\">\n\t\t\t    \t<div class=\"post_attribute\">\n\t\t\t\t\t    <a href=\"https:\/\/www.nataliapancec.ro\/index.php\/2020\/07\/01\/festivalul-intersonanzen-cu-ansamblul-de-muzica-contemporana-devotiomoderna\/\" title=\"Festivalul Intersonanzen, Cu Ansamblul de muzica contemporana devotioModerna\">July 1, 2020<\/a>\n\t\t\t\t\t<\/div>\n\t\t\t    <\/div>\n\t\t\t    \t\t\t<\/div>\n\t    <\/div>\n\t    \n\t<\/div>\n\n<\/div>\n<br class=\"clear\"\/>\n<!-- End each blog post --><!-- Begin each blog post -->\n<div class=\"blog-posts-classic post-3781 post type-post status-publish format-standard has-post-thumbnail hentry category-tehnici-de-vioara tag-tehnici-de-vioara\">\n\n\t<div class=\"post_wrapper\">\n\t\t\n\t\t\t\t    <div class=\"post_img static\">\n\t\t\t    \t\t\t    <div class=\"post_img_hover classic \">\n\t\t\t     \t\t\t\t\t     <img  src=\"https:\/\/www.nataliapancec.ro\/wp-content\/uploads\/2020\/04\/natalia-colotelo-4.jpg\" class=\"\" alt=\"\"\/>\n\t\t\t\t     \t\t\t     \t\t\t\t     \t<a href=\"https:\/\/www.nataliapancec.ro\/index.php\/2020\/05\/15\/tehnica-3\/\"><\/a>\n\t\t\t    <\/div>\n\t\t    <\/div>\n\t\t\t    \n\t    <div class=\"post_content_wrapper text_left\">\n\t\t    \n\t\t    <div class=\"post_header\">\n\t\t\t    \t\t\t    <div class=\"post_detail single_post\">\n\t\t\t    \t<span class=\"post_info_cat\">\n\t\t\t\t\t\t\t\t\t\t\t\t      \t<a href=\"https:\/\/www.nataliapancec.ro\/index.php\/category\/tehnici-de-vioara\/\">Tehnici de vioara<\/a>\n\t\t\t\t\t\t\t\t\t    \t<\/span>\n\t\t\t \t<\/div>\n\t\t\t \t\t\t\t\t<div class=\"post_header_title\">\n\t\t\t\t    <h5><a href=\"https:\/\/www.nataliapancec.ro\/index.php\/2020\/05\/15\/tehnica-3\/\" title=\"\u00cen cur\u00e2nd! &#8211; Tehnica 3\">\u00cen cur\u00e2nd! &#8211; Tehnica 3<\/a><\/h5>\n\t\t\t\t<\/div>\n\t\t\t<\/div>\n\t    \n\t\t\t<div class=\"post_header_wrapper\">\n\t\t\t\t<p>\u00cen cur\u00e2nd! &#8211; Tehnica 3 \u00cen...<\/p>\t\t\t    \t\t\t    <div class=\"post_button_wrapper\">\n\t\t\t    \t<div class=\"post_attribute\">\n\t\t\t\t\t    <a href=\"https:\/\/www.nataliapancec.ro\/index.php\/2020\/05\/15\/tehnica-3\/\" title=\"\u00cen cur\u00e2nd! &#8211; Tehnica 3\">May 15, 2020<\/a>\n\t\t\t\t\t<\/div>\n\t\t\t    <\/div>\n\t\t\t    \t\t\t<\/div>\n\t    <\/div>\n\t    \n\t<\/div>\n\n<\/div>\n<br class=\"clear\"\/>\n<!-- End each blog post --><!-- Begin each blog post -->\n<div class=\"blog-posts-classic post-3775 post type-post status-publish format-standard has-post-thumbnail hentry category-tehnici-de-vioara tag-tehnici-de-vioara\">\n\n\t<div class=\"post_wrapper\">\n\t\t\n\t\t\t\t    <div class=\"post_img static\">\n\t\t\t    \t\t\t    <div class=\"post_img_hover classic \">\n\t\t\t     \t\t\t\t\t     <img  src=\"https:\/\/www.nataliapancec.ro\/wp-content\/uploads\/2020\/04\/natalia-colotelo-4.jpg\" class=\"\" alt=\"\"\/>\n\t\t\t\t     \t\t\t     \t\t\t\t     \t<a href=\"https:\/\/www.nataliapancec.ro\/index.php\/2020\/05\/15\/tehnica-2\/\"><\/a>\n\t\t\t    <\/div>\n\t\t    <\/div>\n\t\t\t    \n\t    <div class=\"post_content_wrapper text_left\">\n\t\t    \n\t\t    <div class=\"post_header\">\n\t\t\t    \t\t\t    <div class=\"post_detail single_post\">\n\t\t\t    \t<span class=\"post_info_cat\">\n\t\t\t\t\t\t\t\t\t\t\t\t      \t<a href=\"https:\/\/www.nataliapancec.ro\/index.php\/category\/tehnici-de-vioara\/\">Tehnici de vioara<\/a>\n\t\t\t\t\t\t\t\t\t    \t<\/span>\n\t\t\t \t<\/div>\n\t\t\t \t\t\t\t\t<div class=\"post_header_title\">\n\t\t\t\t    <h5><a href=\"https:\/\/www.nataliapancec.ro\/index.php\/2020\/05\/15\/tehnica-2\/\" title=\"\u00cen cur\u00e2nd! &#8211; Tehnica 2\">\u00cen cur\u00e2nd! &#8211; Tehnica 2<\/a><\/h5>\n\t\t\t\t<\/div>\n\t\t\t<\/div>\n\t    \n\t\t\t<div class=\"post_header_wrapper\">\n\t\t\t\t<p>In curand! Tehnica 2 In...<\/p>\t\t\t    \t\t\t    <div class=\"post_button_wrapper\">\n\t\t\t    \t<div class=\"post_attribute\">\n\t\t\t\t\t    <a href=\"https:\/\/www.nataliapancec.ro\/index.php\/2020\/05\/15\/tehnica-2\/\" title=\"\u00cen cur\u00e2nd! &#8211; Tehnica 2\">May 15, 2020<\/a>\n\t\t\t\t\t<\/div>\n\t\t\t    <\/div>\n\t\t\t    \t\t\t<\/div>\n\t    <\/div>\n\t    \n\t<\/div>\n\n<\/div>\n<br class=\"clear\"\/>\n<!-- End each blog post --><!-- Begin each blog post -->\n<div class=\"blog-posts-classic post-3761 post type-post status-publish format-standard has-post-thumbnail hentry category-tehnici-de-vioara tag-tehnici-de-vioara\">\n\n\t<div class=\"post_wrapper\">\n\t\t\n\t\t\t\t    <div class=\"post_img static\">\n\t\t\t    \t\t\t    <div class=\"post_img_hover classic \">\n\t\t\t     \t\t\t\t\t     <img  src=\"https:\/\/www.nataliapancec.ro\/wp-content\/uploads\/2020\/04\/natalia-colotelo-4.jpg\" class=\"\" alt=\"\"\/>\n\t\t\t\t     \t\t\t     \t\t\t\t     \t<a href=\"https:\/\/www.nataliapancec.ro\/index.php\/2020\/05\/15\/tehnica-1\/\"><\/a>\n\t\t\t    <\/div>\n\t\t    <\/div>\n\t\t\t    \n\t    <div class=\"post_content_wrapper text_left\">\n\t\t    \n\t\t    <div class=\"post_header\">\n\t\t\t    \t\t\t    <div class=\"post_detail single_post\">\n\t\t\t    \t<span class=\"post_info_cat\">\n\t\t\t\t\t\t\t\t\t\t\t\t      \t<a href=\"https:\/\/www.nataliapancec.ro\/index.php\/category\/tehnici-de-vioara\/\">Tehnici de vioara<\/a>\n\t\t\t\t\t\t\t\t\t    \t<\/span>\n\t\t\t \t<\/div>\n\t\t\t \t\t\t\t\t<div class=\"post_header_title\">\n\t\t\t\t    <h5><a href=\"https:\/\/www.nataliapancec.ro\/index.php\/2020\/05\/15\/tehnica-1\/\" title=\"\u00cen cur\u00e2nd! &#8211; Tehnica 1\">\u00cen cur\u00e2nd! &#8211; Tehnica 1<\/a><\/h5>\n\t\t\t\t<\/div>\n\t\t\t<\/div>\n\t    \n\t\t\t<div class=\"post_header_wrapper\">\n\t\t\t\t<p>In curand! tehnica 1 In...<\/p>\t\t\t    \t\t\t    <div class=\"post_button_wrapper\">\n\t\t\t    \t<div class=\"post_attribute\">\n\t\t\t\t\t    <a href=\"https:\/\/www.nataliapancec.ro\/index.php\/2020\/05\/15\/tehnica-1\/\" title=\"\u00cen cur\u00e2nd! &#8211; Tehnica 1\">May 15, 2020<\/a>\n\t\t\t\t\t<\/div>\n\t\t\t    <\/div>\n\t\t\t    \t\t\t<\/div>\n\t    <\/div>\n\t    \n\t<\/div>\n\n<\/div>\n<br class=\"clear\"\/>\n<!-- End each blog post --><\/div>\n<div class=\"pagination blog-posts-classic\"><span class=\"current\">1<\/span><a href='https:\/\/www.nataliapancec.ro\/index.php\/wp-json\/wp\/v2\/pages\/213\/page\/2\/' class=\"inactive\">2<\/a><\/div>\t\t\t<div class=\"pagination_detail blog-posts-classic\">\n\t\t    \tPage 1 of 2\t\t    <\/div>\n<br class=\"clear\"\/>\t\t<\/div>\n\t\t\t\t<\/div>\n\t\t\t\t\t\t<\/div>\n\t\t\t\t\t<\/div>\n\t\t<\/div>\n\t\t\t\t\t\t\t\t<\/div>\n\t\t\t\t\t<\/div>\n\t\t<\/section>\n\t\t\t\t\t\t<\/div>\n\t\t\t\t\t\t<\/div>\n\t\t\t\t\t<\/div>\n\t\t","protected":false},"excerpt":{"rendered":"<p>Latest News Artist &nbsp;&middot;&nbsp; Concert &nbsp;&middot;&nbsp; Music &nbsp;&middot;&nbsp; Stories Yes Mark 50th Birthday With Shows, Album Redux, Fan Convention Meh ynth Schlitz, tempor dui ingle-origin coffee ea next level ethnic finger tache fanny pack no trud Photo booth anim 8-bit [&hellip;]<\/p>\n","protected":false},"author":4,"featured_media":0,"parent":0,"menu_order":0,"comment_status":"closed","ping_status":"closed","template":"","meta":[],"_links":{"self":[{"href":"https:\/\/www.nataliapancec.ro\/index.php\/wp-json\/wp\/v2\/pages\/213"}],"collection":[{"href":"https:\/\/www.nataliapancec.ro\/index.php\/wp-json\/wp\/v2\/pages"}],"about":[{"href":"https:\/\/www.nataliapancec.ro\/index.php\/wp-json\/wp\/v2\/types\/page"}],"author":[{"embeddable":true,"href":"https:\/\/www.nataliapancec.ro\/index.php\/wp-json\/wp\/v2\/users\/4"}],"replies":[{"embeddable":true,"href":"https:\/\/www.nataliapancec.ro\/index.php\/wp-json\/wp\/v2\/comments?post=213"}],"version-history":[{"count":1,"href":"https:\/\/www.nataliapancec.ro\/index.php\/wp-json\/wp\/v2\/pages\/213\/revisions"}],"predecessor-version":[{"id":3822,"href":"https:\/\/www.nataliapancec.ro\/index.php\/wp-json\/wp\/v2\/pages\/213\/revisions\/3822"}],"wp:attachment":[{"href":"https:\/\/www.nataliapancec.ro\/index.php\/wp-json\/wp\/v2\/media?parent=213"}],"curies":[{"name":"wp","href":"https:\/\/api.w.org\/{rel}","templated":true}]}}